{"id":9,"date":"2026-07-10T23:26:23","date_gmt":"2026-07-10T21:26:23","guid":{"rendered":"https:\/\/domy-modulowe-caloroczne.pl\/?page_id=9"},"modified":"2026-07-11T12:09:45","modified_gmt":"2026-07-11T10:09:45","slug":"glowna","status":"publish","type":"page","link":"https:\/\/domy-modulowe-caloroczne.pl\/","title":{"rendered":"G\u0142\u00f3wna"},"content":{"rendered":"<div id=\"pl-9\"  class=\"panel-layout\" ><div id=\"pg-9-0\"  class=\"panel-grid panel-has-style\" ><div class=\"siteorigin-panels-stretch panel-row-style panel-row-style-for-9-0\" data-stretch-type=\"full-width-stretch\" ><div id=\"pgc-9-0-0\"  class=\"panel-grid-cell\" ><div id=\"panel-9-0-0-0\" class=\"widget_text so-panel widget widget_custom_html panel-first-child panel-last-child\" data-index=\"0\" ><div class=\"textwidget custom-html-widget\"><div align=\"center\"><br>\n\t<h1>\t\tDomy modu\u0142owe ca\u0142oroczne gotowe pod klucz<br> Pawilony, sauny i  gara\u017ce\t<\/h1>\n<\/div><\/div><\/div><\/div><\/div><\/div><div id=\"pg-9-1\"  class=\"panel-grid panel-has-style\" ><div class=\"siteorigin-panels-stretch panel-row-style panel-row-style-for-9-1\" data-stretch-type=\"full-width-stretch\" ><div id=\"pgc-9-1-0\"  class=\"panel-grid-cell\" ><div id=\"panel-9-1-0-0\" class=\"widget_text so-panel widget widget_custom_html panel-first-child panel-last-child\" data-index=\"1\" ><div class=\"textwidget custom-html-widget\"><div align=\"center\"><br>\n\t\n<a href=\"tel:+48783080808\"><font size=\"5px\" color=\"yellow\"><b>+48 783 080 808<\/b><\/font><\/a>&nbsp;&nbsp;&nbsp;&nbsp;&nbsp;&nbsp;<a href=\"tel:+48783080808\"><font size=\"5px\" color=\"yellow\"><b>+48 782 722 435<\/b><\/font><\/a>\n<br>&nbsp;<br>\n\n\n<\/div><\/div><\/div><\/div><\/div><\/div><div id=\"pg-9-2\"  class=\"panel-grid panel-no-style\" ><div id=\"pgc-9-2-0\"  class=\"panel-grid-cell\" ><div id=\"panel-9-2-0-0\" class=\"widget_text so-panel widget widget_custom_html panel-first-child panel-last-child\" data-index=\"2\" ><div class=\"textwidget custom-html-widget\"><div align=\"center\"><br>\n\n<img decoding=\"async\" src=\"https:\/\/domy-modulowe-caloroczne.pl\/wp-content\/uploads\/2026\/07\/domy-modulowe-fasthome1.avif\" alt=\"nowoczesny dom modu\u0142owy ca\u0142oroczny gotowy pod klucz, nowoczesne domy modu\u0142owe ca\u0142oroczne gotowe pod klucz, producent dom\u00f3w modu\u0142owych, produkcja dom\u00f3w modu\u0142owych, monta\u017c dom\u00f3w modu\u0142owych, projekty dom\u00f3w modu\u0142owych, projekt domu modu\u0142owego\">\n\t\n<br>\n<font size=\"4px\" color=\"black\"><b>Aluminiowa stolarka okienna<\/b><\/font>\n<br>&nbsp;<br>\nTrzyszybowa stolarka okienna montowana metod\u0105 ciep\u0142ego monta\u017cu jest odporna\nna warunki atmosferyczne i nie wymaga konserwacji.\n\t\n\t\n\t\n<\/div><\/div><\/div><\/div><div id=\"pgc-9-2-1\"  class=\"panel-grid-cell\" ><div id=\"panel-9-2-1-0\" class=\"widget_text so-panel widget widget_custom_html panel-first-child panel-last-child\" data-index=\"3\" ><div class=\"textwidget custom-html-widget\"><div align=\"center\"><br>\n\n<img decoding=\"async\" src=\"https:\/\/domy-modulowe-caloroczne.pl\/wp-content\/uploads\/2026\/07\/domy-modulowe-fasthome2.avif\" alt=\"nowoczesny dom modu\u0142owy ca\u0142oroczny gotowy pod klucz, nowoczesne domy modu\u0142owe ca\u0142oroczne gotowe pod klucz, producent dom\u00f3w modu\u0142owych, produkcja dom\u00f3w modu\u0142owych, monta\u017c dom\u00f3w modu\u0142owych, projekty dom\u00f3w modu\u0142owych, projekt domu modu\u0142owego\">\n\t\n\t<br>\n<font size=\"4px\" color=\"black\"><b>Stalowa konstrukcja samono\u015bna<\/b><\/font>\n\t<br>&nbsp;<br>\nKonstrukcja jest przemy\u015blana tak, by zapewni\u0107 trwa\u0142o\u015b\u0107, solidno\u015b\u0107 i stabilno\u015b\u0107 domu modu\u0142owego. Gwarantuje szybki monta\u017c, komfort u\u017cytkowania oraz d\u0142ugowieczno\u015b\u0107.\n\n\n\t\n<\/div><\/div><\/div><\/div><div id=\"pgc-9-2-2\"  class=\"panel-grid-cell\" ><div id=\"panel-9-2-2-0\" class=\"widget_text so-panel widget widget_custom_html panel-first-child panel-last-child\" data-index=\"4\" ><div class=\"textwidget custom-html-widget\"><div align=\"center\"><br>\n\n<img decoding=\"async\" src=\"https:\/\/domy-modulowe-caloroczne.pl\/wp-content\/uploads\/2026\/07\/domy-modulowe-fasthome3.avif\" alt=\"nowoczesny dom modu\u0142owy ca\u0142oroczny gotowy pod klucz, nowoczesne domy modu\u0142owe ca\u0142oroczne gotowe pod klucz, producent dom\u00f3w modu\u0142owych, produkcja dom\u00f3w modu\u0142owych, monta\u017c dom\u00f3w modu\u0142owych, projekty dom\u00f3w modu\u0142owych, projekt domu modu\u0142owego\">\n\t\n\t<br>\n<font size=\"4px\" color=\"black\"><b>Wyko\u0144czenie pod klucz<\/b><\/font>&nbsp;<br>\n<br>&nbsp;<br>\nW naszych domach modu\u0142owych mo\u017cna zamieszka\u0107 zaraz po monta\u017cu na Pa\u0144stwa dzia\u0142ce. Zapewniamy instalacj\u0119 sanitarn\u0105 i elektryczn\u0105, pod\u0142ogi wy\u0142o\u017cone panelami, \u0142azienk\u0119 wraz z toalet\u0105 w standardzie wyko\u0144czon\u0105 p\u0142ytkami.\n\t\n<\/div><\/div><\/div><\/div><div id=\"pgc-9-2-3\"  class=\"panel-grid-cell\" ><div id=\"panel-9-2-3-0\" class=\"widget_text so-panel widget widget_custom_html panel-first-child panel-last-child\" data-index=\"5\" ><div class=\"textwidget custom-html-widget\"><div align=\"center\"><br>\n\n<img decoding=\"async\" src=\"https:\/\/domy-modulowe-caloroczne.pl\/wp-content\/uploads\/2026\/07\/domy-modulowe-fasthome4.webp\" alt=\"nowoczesny dom modu\u0142owy ca\u0142oroczny gotowy pod klucz, nowoczesne domy modu\u0142owe ca\u0142oroczne gotowe pod klucz, producent dom\u00f3w modu\u0142owych, produkcja dom\u00f3w modu\u0142owych, monta\u017c dom\u00f3w modu\u0142owych, projekty dom\u00f3w modu\u0142owych, projekt domu modu\u0142owego\">\n\t\n\t\n\t<br>\n<font size=\"4px\" color=\"black\"><b>Stalowe schody w wybranym kolorze<\/b><\/font>\n\t<br>&nbsp;<br>\nZapewniaj\u0105 bezpiecze\u0144stwo i trwa\u0142o\u015b\u0107, a ich nowoczesny design dope\u0142nia estetyk\u0119 ca\u0142ego domku.\n<\/div><\/div><\/div><\/div><\/div><div id=\"pg-9-3\"  class=\"panel-grid panel-has-style\" ><div class=\"siteorigin-panels-stretch panel-row-style panel-row-style-for-9-3\" data-stretch-type=\"full-width-stretch\" ><div id=\"pgc-9-3-0\"  class=\"panel-grid-cell\" ><div id=\"panel-9-3-0-0\" class=\"widget_text so-panel widget widget_custom_html panel-first-child panel-last-child\" data-index=\"6\" ><div class=\"textwidget custom-html-widget\"><div align=\"center\"><br>\n\t<h2><font color=\"white\">Domy modu\u0142owe pi\u0119trowe<\/font>\n\t<\/h2><br>\n<h3><font color=\"white\">Typu Stodo\u0142a: z antresol\u0105, balkonem, tarasem<\/font>\n\t<\/h3><br>\n<\/div><\/div><\/div><\/div><\/div><\/div><div id=\"pg-9-4\"  class=\"panel-grid panel-has-style\" ><div class=\"siteorigin-panels-stretch panel-row-style panel-row-style-for-9-4\" data-stretch-type=\"full-width-stretch\" ><div id=\"pgc-9-4-0\"  class=\"panel-grid-cell\" ><div id=\"panel-9-4-0-0\" class=\"widget_text so-panel widget widget_custom_html panel-first-child panel-last-child\" data-index=\"7\" ><div class=\"textwidget custom-html-widget\"><div align=\"center\">\n\t\n\n<img decoding=\"async\" src=\"https:\/\/domy-modulowe-caloroczne.pl\/wp-content\/uploads\/2026\/07\/stodola_z_antresola_48m2.png\" alt=\"nowoczesny dom modu\u0142owy ca\u0142oroczny gotowy pod klucz, nowoczesne domy modu\u0142owe ca\u0142oroczne gotowe pod klucz, producent dom\u00f3w modu\u0142owych, produkcja dom\u00f3w modu\u0142owych, monta\u017c dom\u00f3w modu\u0142owych, projekty dom\u00f3w modu\u0142owych, projekt domu modu\u0142owego\">\n\n<\/div><\/div><\/div><\/div><div id=\"pgc-9-4-1\"  class=\"panel-grid-cell\" ><div id=\"panel-9-4-1-0\" class=\"widget_text so-panel widget widget_custom_html panel-first-child panel-last-child\" data-index=\"8\" ><div class=\"textwidget custom-html-widget\"><div align=\"center\">\n\t\n\n<img decoding=\"async\" src=\"https:\/\/domy-modulowe-caloroczne.pl\/wp-content\/uploads\/2026\/07\/stodola_z_antresola_56m2.png\" alt=\"nowoczesny dom modu\u0142owy ca\u0142oroczny gotowy pod klucz, nowoczesne domy modu\u0142owe ca\u0142oroczne gotowe pod klucz, producent dom\u00f3w modu\u0142owych, produkcja dom\u00f3w modu\u0142owych, monta\u017c dom\u00f3w modu\u0142owych, projekty dom\u00f3w modu\u0142owych, projekt domu modu\u0142owego\">\n\n<\/div><\/div><\/div><\/div><div id=\"pgc-9-4-2\"  class=\"panel-grid-cell\" ><div id=\"panel-9-4-2-0\" class=\"widget_text so-panel widget widget_custom_html panel-first-child panel-last-child\" data-index=\"9\" ><div class=\"textwidget custom-html-widget\"><div align=\"center\">\n\t\n\n<img decoding=\"async\" src=\"https:\/\/domy-modulowe-caloroczne.pl\/wp-content\/uploads\/2026\/07\/stodola_z_antresola_66m2.png\" alt=\"nowoczesny dom modu\u0142owy ca\u0142oroczny gotowy pod klucz, nowoczesne domy modu\u0142owe ca\u0142oroczne gotowe pod klucz, producent dom\u00f3w modu\u0142owych, produkcja dom\u00f3w modu\u0142owych, monta\u017c dom\u00f3w modu\u0142owych, projekty dom\u00f3w modu\u0142owych, projekt domu modu\u0142owego\">\n\n<\/div><\/div><\/div><\/div><\/div><\/div><div id=\"pg-9-5\"  class=\"panel-grid panel-has-style\" ><div class=\"siteorigin-panels-stretch panel-row-style panel-row-style-for-9-5\" data-stretch-type=\"full-width-stretch\" ><div id=\"pgc-9-5-0\"  class=\"panel-grid-cell\" ><div id=\"panel-9-5-0-0\" class=\"widget_text so-panel widget widget_custom_html panel-first-child panel-last-child\" data-index=\"10\" ><div class=\"textwidget custom-html-widget\"><div align=\"center\">\n\t\n\n<img decoding=\"async\" src=\"https:\/\/domy-modulowe-caloroczne.pl\/wp-content\/uploads\/2026\/07\/stodola_z_pietrem54m2.png\" alt=\"dom modu\u0142owy parterowy, domy modu\u0142owe parterowe, domy modu\u0142owe pi\u0119trowe, dom modu\u0142owy pi\u0119trowy, dom modu\u0142owy stodo\u0142a, domy modu\u0142owe stodo\u0142a, Dom modu\u0142owy z antresol\u0105, Domy modu\u0142owe z antresol\u0105, Dom modu\u0142owy z tarasem, Domy modu\u0142owe z tarasem, Dom modu\u0142owy z balkonem, Domy modu\u0142owe z balkonem, Stodo\u0142a z antresol\u0105, Stodo\u0142a z balkonem, Stodo\u0142a z tarasem\">\n\n<\/div><\/div><\/div><\/div><div id=\"pgc-9-5-1\"  class=\"panel-grid-cell\" ><div id=\"panel-9-5-1-0\" class=\"widget_text so-panel widget widget_custom_html panel-first-child panel-last-child\" data-index=\"11\" ><div class=\"textwidget custom-html-widget\"><div align=\"center\">\n\t\n\n<img decoding=\"async\" src=\"https:\/\/domy-modulowe-caloroczne.pl\/wp-content\/uploads\/2026\/07\/stodola_z_pietrem62m2.png\" alt=\"dom modu\u0142owy parterowy, domy modu\u0142owe parterowe, domy modu\u0142owe pi\u0119trowe, dom modu\u0142owy pi\u0119trowy, dom modu\u0142owy stodo\u0142a, domy modu\u0142owe stodo\u0142a, Dom modu\u0142owy z antresol\u0105, Domy modu\u0142owe z antresol\u0105, Dom modu\u0142owy z tarasem, Domy modu\u0142owe z tarasem, Dom modu\u0142owy z balkonem, Domy modu\u0142owe z balkonem, Stodo\u0142a z antresol\u0105, Stodo\u0142a z balkonem, Stodo\u0142a z tarasem\">\n\n<\/div><\/div><\/div><\/div><div id=\"pgc-9-5-2\"  class=\"panel-grid-cell\" ><div id=\"panel-9-5-2-0\" class=\"widget_text so-panel widget widget_custom_html panel-first-child panel-last-child\" data-index=\"12\" ><div class=\"textwidget custom-html-widget\"><div align=\"center\">\n\t\n\n<img decoding=\"async\" src=\"https:\/\/domy-modulowe-caloroczne.pl\/wp-content\/uploads\/2026\/07\/stodola_z_pietrem72m2.png\" alt=\"dom modu\u0142owy parterowy, domy modu\u0142owe parterowe, domy modu\u0142owe pi\u0119trowe, dom modu\u0142owy pi\u0119trowy, dom modu\u0142owy stodo\u0142a, domy modu\u0142owe stodo\u0142a, Dom modu\u0142owy z antresol\u0105, Domy modu\u0142owe z antresol\u0105, Dom modu\u0142owy z tarasem, Domy modu\u0142owe z tarasem, Dom modu\u0142owy z balkonem, Domy modu\u0142owe z balkonem, Stodo\u0142a z antresol\u0105, Stodo\u0142a z balkonem, Stodo\u0142a z tarasem\">\n\n<\/div><\/div><\/div><\/div><\/div><\/div><div id=\"pg-9-6\"  class=\"panel-grid panel-has-style\" ><div class=\"siteorigin-panels-stretch panel-row-style panel-row-style-for-9-6\" data-stretch-type=\"full-width-stretch\" ><div id=\"pgc-9-6-0\"  class=\"panel-grid-cell\" ><div id=\"panel-9-6-0-0\" class=\"widget_text so-panel widget widget_custom_html panel-first-child panel-last-child\" data-index=\"13\" ><div class=\"textwidget custom-html-widget\"><div align=\"center\">\n\t\n\n<img decoding=\"async\" src=\"https:\/\/domy-modulowe-caloroczne.pl\/wp-content\/uploads\/2026\/07\/stodola_75_82_m2.png\" alt=\"dom modu\u0142owy parterowy, domy modu\u0142owe parterowe, domy modu\u0142owe pi\u0119trowe, dom modu\u0142owy pi\u0119trowy, dom modu\u0142owy stodo\u0142a, domy modu\u0142owe stodo\u0142a, Dom modu\u0142owy z antresol\u0105, Domy modu\u0142owe z antresol\u0105, Dom modu\u0142owy z tarasem, Domy modu\u0142owe z tarasem, Dom modu\u0142owy z balkonem, Domy modu\u0142owe z balkonem, Stodo\u0142a z antresol\u0105, Stodo\u0142a z balkonem, Stodo\u0142a z tarasem\">\n\n<\/div><\/div><\/div><\/div><div id=\"pgc-9-6-1\"  class=\"panel-grid-cell\" ><div id=\"panel-9-6-1-0\" class=\"widget_text so-panel widget widget_custom_html panel-first-child panel-last-child\" data-index=\"14\" ><div class=\"textwidget custom-html-widget\"><div align=\"center\">\n\t\n\n<img decoding=\"async\" src=\"https:\/\/domy-modulowe-caloroczne.pl\/wp-content\/uploads\/2026\/07\/stodola_75_82_m2_wersja2.png\" alt=\"dom modu\u0142owy parterowy, domy modu\u0142owe parterowe, domy modu\u0142owe pi\u0119trowe, dom modu\u0142owy pi\u0119trowy, dom modu\u0142owy stodo\u0142a, domy modu\u0142owe stodo\u0142a, Dom modu\u0142owy z antresol\u0105, Domy modu\u0142owe z antresol\u0105, Dom modu\u0142owy z tarasem, Domy modu\u0142owe z tarasem, Dom modu\u0142owy z balkonem, Domy modu\u0142owe z balkonem, Stodo\u0142a z antresol\u0105, Stodo\u0142a z balkonem, Stodo\u0142a z tarasem\">\n\n<\/div><\/div><\/div><\/div><div id=\"pgc-9-6-2\"  class=\"panel-grid-cell\" ><div id=\"panel-9-6-2-0\" class=\"widget_text so-panel widget widget_custom_html panel-first-child panel-last-child\" data-index=\"15\" ><div class=\"textwidget custom-html-widget\"><div align=\"center\">\n\t\n\n<img decoding=\"async\" src=\"https:\/\/domy-modulowe-caloroczne.pl\/wp-content\/uploads\/2026\/07\/stodola_z_balkonem_tarasem_53_m2.png\" alt=\"dom modu\u0142owy parterowy, domy modu\u0142owe parterowe, domy modu\u0142owe pi\u0119trowe, dom modu\u0142owy pi\u0119trowy, dom modu\u0142owy stodo\u0142a, domy modu\u0142owe stodo\u0142a, Dom modu\u0142owy z antresol\u0105, Domy modu\u0142owe z antresol\u0105, Dom modu\u0142owy z tarasem, Domy modu\u0142owe z tarasem, Dom modu\u0142owy z balkonem, Domy modu\u0142owe z balkonem, Stodo\u0142a z antresol\u0105, Stodo\u0142a z balkonem, Stodo\u0142a z tarasem\">\n\n<\/div><\/div><\/div><\/div><\/div><\/div><div id=\"pg-9-7\"  class=\"panel-grid panel-has-style\" ><div class=\"siteorigin-panels-stretch panel-row-style panel-row-style-for-9-7\" data-stretch-type=\"full-width-stretch\" ><div id=\"pgc-9-7-0\"  class=\"panel-grid-cell\" ><div id=\"panel-9-7-0-0\" class=\"widget_text so-panel widget widget_custom_html panel-first-child panel-last-child\" data-index=\"16\" ><div class=\"textwidget custom-html-widget\"><div align=\"center\"><br>\n\t<h2><font color=\"white\">Domy modu\u0142owe parterowe<\/font>\n\t<\/h2><br>\n<\/div><\/div><\/div><\/div><\/div><\/div><div id=\"pg-9-8\"  class=\"panel-grid panel-has-style\" ><div class=\"siteorigin-panels-stretch panel-row-style panel-row-style-for-9-8\" data-stretch-type=\"full-width-stretch\" ><div id=\"pgc-9-8-0\"  class=\"panel-grid-cell\" ><div id=\"panel-9-8-0-0\" class=\"widget_text so-panel widget widget_custom_html panel-first-child panel-last-child\" data-index=\"17\" ><div class=\"textwidget custom-html-widget\"><div align=\"center\">\n\t\n\n<img decoding=\"async\" src=\"https:\/\/domy-modulowe-caloroczne.pl\/wp-content\/uploads\/2026\/07\/mini_stodola_28m2.png\" alt=\"dom modu\u0142owy parterowy, domy modu\u0142owe parterowe, domy modu\u0142owe pi\u0119trowe, dom modu\u0142owy pi\u0119trowy, dom modu\u0142owy stodo\u0142a, domy modu\u0142owe stodo\u0142a, Dom modu\u0142owy z antresol\u0105, Domy modu\u0142owe z antresol\u0105, Dom modu\u0142owy z tarasem, Domy modu\u0142owe z tarasem, Dom modu\u0142owy z balkonem, Domy modu\u0142owe z balkonem, Stodo\u0142a z antresol\u0105, Stodo\u0142a z balkonem, Stodo\u0142a z tarasem\">\n\n<\/div><\/div><\/div><\/div><div id=\"pgc-9-8-1\"  class=\"panel-grid-cell\" ><div id=\"panel-9-8-1-0\" class=\"widget_text so-panel widget widget_custom_html panel-first-child panel-last-child\" data-index=\"18\" ><div class=\"textwidget custom-html-widget\"><div align=\"center\">\n\t\n\n<img decoding=\"async\" src=\"https:\/\/domy-modulowe-caloroczne.pl\/wp-content\/uploads\/2026\/07\/mini_stodola_37_m2.png\" alt=\"dom modu\u0142owy parterowy, domy modu\u0142owe parterowe, domy modu\u0142owe pi\u0119trowe, dom modu\u0142owy pi\u0119trowy, dom modu\u0142owy stodo\u0142a, domy modu\u0142owe stodo\u0142a, Dom modu\u0142owy z antresol\u0105, Domy modu\u0142owe z antresol\u0105, Dom modu\u0142owy z tarasem, Domy modu\u0142owe z tarasem, Dom modu\u0142owy z balkonem, Domy modu\u0142owe z balkonem, Stodo\u0142a z antresol\u0105, Stodo\u0142a z balkonem, Stodo\u0142a z tarasem\">\n\n<\/div><\/div><\/div><\/div><div id=\"pgc-9-8-2\"  class=\"panel-grid-cell\" ><div id=\"panel-9-8-2-0\" class=\"widget_text so-panel widget widget_custom_html panel-first-child panel-last-child\" data-index=\"19\" ><div class=\"textwidget custom-html-widget\"><div align=\"center\">\n\t\n\n<img decoding=\"async\" src=\"https:\/\/domy-modulowe-caloroczne.pl\/wp-content\/uploads\/2026\/07\/mini_stodola_46m2.png\" alt=\"dom modu\u0142owy parterowy, domy modu\u0142owe parterowe, domy modu\u0142owe pi\u0119trowe, dom modu\u0142owy pi\u0119trowy, dom modu\u0142owy stodo\u0142a, domy modu\u0142owe stodo\u0142a, Dom modu\u0142owy z antresol\u0105, Domy modu\u0142owe z antresol\u0105, Dom modu\u0142owy z tarasem, Domy modu\u0142owe z tarasem, Dom modu\u0142owy z balkonem, Domy modu\u0142owe z balkonem, Stodo\u0142a z antresol\u0105, Stodo\u0142a z balkonem, Stodo\u0142a z tarasem\">\n\n<\/div><\/div><\/div><\/div><\/div><\/div><div id=\"pg-9-9\"  class=\"panel-grid panel-has-style\" ><div class=\"siteorigin-panels-stretch panel-row-style panel-row-style-for-9-9\" data-stretch-type=\"full-width-stretch\" ><div id=\"pgc-9-9-0\"  class=\"panel-grid-cell\" ><div id=\"panel-9-9-0-0\" class=\"widget_text so-panel widget widget_custom_html panel-first-child panel-last-child\" data-index=\"20\" ><div class=\"textwidget custom-html-widget\"><div align=\"center\">\n\t\n\n<img decoding=\"async\" src=\"https:\/\/domy-modulowe-caloroczne.pl\/wp-content\/uploads\/2026\/07\/modulowy_dom_parterowy_67m2.png\" alt=\"dom modu\u0142owy parterowy, domy modu\u0142owe parterowe, domy modu\u0142owe pi\u0119trowe, dom modu\u0142owy pi\u0119trowy, dom modu\u0142owy stodo\u0142a, domy modu\u0142owe stodo\u0142a, Dom modu\u0142owy z antresol\u0105, Domy modu\u0142owe z antresol\u0105, Dom modu\u0142owy z tarasem, Domy modu\u0142owe z tarasem, Dom modu\u0142owy z balkonem, Domy modu\u0142owe z balkonem, Stodo\u0142a z antresol\u0105, Stodo\u0142a z balkonem, Stodo\u0142a z tarasem\">\n\n<\/div><\/div><\/div><\/div><div id=\"pgc-9-9-1\"  class=\"panel-grid-cell\" ><div id=\"panel-9-9-1-0\" class=\"widget_text so-panel widget widget_custom_html panel-first-child panel-last-child\" data-index=\"21\" ><div class=\"textwidget custom-html-widget\"><div align=\"center\">\n\t\n\n<img decoding=\"async\" src=\"https:\/\/domy-modulowe-caloroczne.pl\/wp-content\/uploads\/2026\/07\/modulowy_dom_parterowy_87m2.png\" alt=\"dom modu\u0142owy parterowy, domy modu\u0142owe parterowe, domy modu\u0142owe pi\u0119trowe, dom modu\u0142owy pi\u0119trowy, dom modu\u0142owy stodo\u0142a, domy modu\u0142owe stodo\u0142a, Dom modu\u0142owy z antresol\u0105, Domy modu\u0142owe z antresol\u0105, Dom modu\u0142owy z tarasem, Domy modu\u0142owe z tarasem, Dom modu\u0142owy z balkonem, Domy modu\u0142owe z balkonem, Stodo\u0142a z antresol\u0105, Stodo\u0142a z balkonem, Stodo\u0142a z tarasem\">\n\n<\/div><\/div><\/div><\/div><\/div><\/div><div id=\"pg-9-10\"  class=\"panel-grid panel-has-style\" ><div class=\"siteorigin-panels-stretch panel-row-style panel-row-style-for-9-10\" data-stretch-type=\"full-width-stretch\" ><div id=\"pgc-9-10-0\"  class=\"panel-grid-cell\" ><div id=\"panel-9-10-0-0\" class=\"widget_text so-panel widget widget_custom_html panel-first-child panel-last-child\" data-index=\"22\" ><div class=\"textwidget custom-html-widget\"><div align=\"center\">\n\t\n\n<img decoding=\"async\" src=\"https:\/\/domy-modulowe-caloroczne.pl\/wp-content\/uploads\/2026\/07\/modulowy_dom_parterowy_100m2.png\" alt=\"dom modu\u0142owy parterowy, domy modu\u0142owe parterowe, domy modu\u0142owe pi\u0119trowe, dom modu\u0142owy pi\u0119trowy, dom modu\u0142owy stodo\u0142a, domy modu\u0142owe stodo\u0142a, Dom modu\u0142owy z antresol\u0105, Domy modu\u0142owe z antresol\u0105, Dom modu\u0142owy z tarasem, Domy modu\u0142owe z tarasem, Dom modu\u0142owy z balkonem, Domy modu\u0142owe z balkonem, Stodo\u0142a z antresol\u0105, Stodo\u0142a z balkonem, Stodo\u0142a z tarasem\">\n\n<\/div><\/div><\/div><\/div><div id=\"pgc-9-10-1\"  class=\"panel-grid-cell\" ><div id=\"panel-9-10-1-0\" class=\"widget_text so-panel widget widget_custom_html panel-first-child panel-last-child\" data-index=\"23\" ><div class=\"textwidget custom-html-widget\"><div align=\"center\">\n\t\n\n<img decoding=\"async\" src=\"https:\/\/domy-modulowe-caloroczne.pl\/wp-content\/uploads\/2026\/07\/modulowy_dom_parterowy_na_wymiar.png\">\n\n<\/div><\/div><\/div><\/div><\/div><\/div><div id=\"pg-9-11\"  class=\"panel-grid panel-has-style\" ><div class=\"siteorigin-panels-stretch panel-row-style panel-row-style-for-9-11\" data-stretch-type=\"full-width-stretch\" ><div id=\"pgc-9-11-0\"  class=\"panel-grid-cell\" ><div id=\"panel-9-11-0-0\" class=\"widget_text so-panel widget widget_custom_html panel-first-child panel-last-child\" data-index=\"24\" ><div class=\"textwidget custom-html-widget\"><div align=\"center\"><br>\n\t<h2><font color=\"white\">Zabudowa dodatkowa<\/font>\n\t<\/h2><br>\n<\/div><\/div><\/div><\/div><\/div><\/div><div id=\"pg-9-12\"  class=\"panel-grid panel-has-style\" ><div class=\"siteorigin-panels-stretch panel-row-style panel-row-style-for-9-12\" data-stretch-type=\"full-width-stretch\" ><div id=\"pgc-9-12-0\"  class=\"panel-grid-cell\" ><div id=\"panel-9-12-0-0\" class=\"widget_text so-panel widget widget_custom_html panel-first-child panel-last-child\" data-index=\"25\" ><div class=\"textwidget custom-html-widget\"><div align=\"center\">\n\t\n\n<img decoding=\"async\" src=\"https:\/\/domy-modulowe-caloroczne.pl\/wp-content\/uploads\/2026\/07\/sauna.png\" alt=\"sauna modu\u0142owa, sauny modu\u0142owe\">\n\n<\/div><\/div><\/div><\/div><div id=\"pgc-9-12-1\"  class=\"panel-grid-cell\" ><div id=\"panel-9-12-1-0\" class=\"widget_text so-panel widget widget_custom_html panel-first-child panel-last-child\" data-index=\"26\" ><div class=\"textwidget custom-html-widget\"><div align=\"center\">\n\t\n\n<img decoding=\"async\" src=\"https:\/\/domy-modulowe-caloroczne.pl\/wp-content\/uploads\/2026\/07\/sauna2.png\" alt=\"sauna modu\u0142owa, sauny modu\u0142owe\">\n\n<\/div><\/div><\/div><\/div><div id=\"pgc-9-12-2\"  class=\"panel-grid-cell\" ><div id=\"panel-9-12-2-0\" class=\"widget_text so-panel widget widget_custom_html panel-first-child panel-last-child\" data-index=\"27\" ><div class=\"textwidget custom-html-widget\"><div align=\"center\">\n\t\n\n<img decoding=\"async\" src=\"https:\/\/domy-modulowe-caloroczne.pl\/wp-content\/uploads\/2026\/07\/garaz.png\" alt=\"gara\u017ce modu\u0142owe, gara\u017c modu\u0142owy\">\n\n<\/div><\/div><\/div><\/div><\/div><\/div><div id=\"pg-9-13\"  class=\"panel-grid panel-has-style\" ><div class=\"siteorigin-panels-stretch panel-row-style panel-row-style-for-9-13\" data-stretch-type=\"full-width-stretch\" ><div id=\"pgc-9-13-0\"  class=\"panel-grid-cell\" ><div id=\"panel-9-13-0-0\" class=\"widget_text so-panel widget widget_custom_html panel-first-child panel-last-child\" data-index=\"28\" ><div class=\"textwidget custom-html-widget\"><div align=\"center\"><br>\n\t<h2><font color=\"white\">Pawilony modu\u0142owe handlowe i us\u0142ugowe<\/font>\n\t<\/h2><br>\n<\/div><\/div><\/div><\/div><\/div><\/div><div id=\"pg-9-14\"  class=\"panel-grid panel-has-style\" ><div class=\"siteorigin-panels-stretch panel-row-style panel-row-style-for-9-14\" data-stretch-type=\"full-width-stretch\" ><div id=\"pgc-9-14-0\"  class=\"panel-grid-cell\" ><div id=\"panel-9-14-0-0\" class=\"widget_text so-panel widget widget_custom_html panel-first-child panel-last-child\" data-index=\"29\" ><div class=\"textwidget custom-html-widget\"><div align=\"center\">\n\t\n\n<img decoding=\"async\" src=\"https:\/\/domy-modulowe-caloroczne.pl\/wp-content\/uploads\/2026\/07\/pawilony_handlowe_uslugowe_modulowe.png\" alt=\"pawilony modu\u0142owe, pawilon modu\u0142owy\">\n\n<\/div><\/div><\/div><\/div><\/div><\/div><div id=\"pg-9-15\"  class=\"panel-grid panel-no-style\" ><div id=\"pgc-9-15-0\"  class=\"panel-grid-cell\" ><div id=\"panel-9-15-0-0\" class=\"widget_text so-panel widget widget_custom_html panel-first-child panel-last-child\" data-index=\"30\" ><div class=\"textwidget custom-html-widget\"><div align=\"center\">\n\t<h2>\t\tNajcz\u0119stsze pytania o ca\u0142oroczne domy modu\u0142owe\n\t<\/h2>\n\t<br><br>\n\t<div class=\"alignwide wp-block-faa-faq-and-answers\" id='bBlocksTestPurpose-1'\r\n\tdata-attributes='{&quot;activeItem&quot;:6,&quot;faqData&quot;:[{&quot;categories&quot;:&quot;General&quot;,&quot;question&quot;:&quot;Z czego zbudowane s\\u0105 nasze domy modu\\u0142owe?&quot;,&quot;answer&quot;:&quot;Nasze domy modu\\u0142owe oparte s\\u0105 o konstrukcj\\u0119 stalow\\u0105 z profili zimnogi\\u0119tych, kt\\u00f3re s\\u0105 ze sob\\u0105 \\u0142\\u0105czone metod\\u0105 spawania. Izolacja termiczna dom\\u00f3w modu\\u0142owych wykonana jest z p\\u0142yt warstawowych z pian\\u0105 PIR. Zapewnia to odporno\\u015b\\u0107 na ogie\\u0144, w tym piana PIR jest zamkni\\u0119to kom\\u00f3rkowa, co zapobiega nasi\\u0105kliwo\\u015bci domu modu\\u0142owego. Nie ch\\u0142onie wilgoci, co pozwala utrzyma\\u0107 jej w\\u0142a\\u015bciwo\\u015bci termoizolacyjne nawet w wilgotnych warunkach. Wewn\\u0105trz budynku stosujemy p\\u0142yty gipsowo-kartonowe. Elewacja jest w nowoczesnym stylu \\u2013 wyko\\u0144czona dekoracyjn\\u0105, nowoczesn\\u0105 blach\\u0105 lub lamelami kompozytowymi drewnopodobnymi w wybranym przez Inwestora kolorze.\\n&quot;,&quot;image&quot;:&quot;https:\\\/\\\/images.unsplash.com\\\/photo-1507525428034-b723cf961d3e&quot;},{&quot;categories&quot;:&quot;General&quot;,&quot;question&quot;:&quot;Ile czasu trwa postawienie domu modu\\u0142owego na Twojej dzia\\u0142ce?&quot;,&quot;answer&quot;:&quot;Domu modu\\u0142owe maj\\u0105 znaczn\\u0105 przewag\\u0119 czasow\\u0105 wzgl\\u0119dem tradycyjnego budownictwa. Czas realizacji zam\\u00f3wienia zale\\u017cy jednak nie tylko od zastosowanych materia\\u0142\\u00f3w, ale tak\\u017ce aktualnego ob\\u0142o\\u017cenia produkcji zam\\u00f3wienia. Szacunkowy czas na wykonanie domu maj\\u0105cego 35 m2 powierzchni zabudowy wynosi 3-4 miesi\\u0105ce, a przy wi\\u0119kszych projektach nale\\u017cy za\\u0142o\\u017cy\\u0107 oko\\u0142o 6 miesi\\u0119cy na realizacj\\u0119 zam\\u00f3wienia.&quot;,&quot;image&quot;:&quot;https:\\\/\\\/images.unsplash.com\\\/photo-1501785888041-af3ef285b470&quot;},{&quot;categories&quot;:&quot;Account&quot;,&quot;question&quot;:&quot;Etap prac nad domem modu\\u0142owym w fabryce&quot;,&quot;answer&quot;:&quot;W zale\\u017cno\\u015bci od tego, czy mamy do czynienia z budownictwem szkieletowym czy modu\\u0142owym nieco inny zakres dzia\\u0142a\\u0144 jest realizowany w fabryce. W pierwszym przypadku na hali powstaje wy\\u0142\\u0105cznie szkielet budynku. W drugim \\u2013 wi\\u0119ksze, kompletne elementy, np. ca\\u0142e panele stropowe, \\u015bciany z ju\\u017c zamontowanymi drzwiami i\\\/lub oknami czy ca\\u0142e pomieszczenia. W FastHome budujemy modu\\u0142y, w wi\\u0119kszo\\u015bci o metra\\u017cu 35-40 m2 \\u2013 w jednym module jeste\\u015bmy w stanie zmie\\u015bci\\u0107 nawet 2-3 pomieszczenia! Powszechn\\u0105 praktyk\\u0105 jest realizacja niezb\\u0119dnych prac wyko\\u0144czeniowych takich jak malowanie \\u015bcian, monta\\u017c baterii \\u0142azienkowych czy k\\u0142adzenie paneli pod\\u0142ogowych na placu budowy. My mamy inne podej\\u015bcie \\u2013 wszystkim tym zajmujemy si\\u0119 w fabryce. W momencie opuszczenia hali produkcyjnej, nasze modu\\u0142y s\\u0105 wyko\\u0144czone pod klucz, gotowe do zamieszkania. Dzi\\u0119ki temu ostatni etap przebiega du\\u017co sprawniej a dom jest szybciej oddany do u\\u017cytku.&quot;,&quot;image&quot;:&quot;https:\\\/\\\/images.unsplash.com\\\/photo-1500534623283-312aade485b7&quot;},{&quot;categories&quot;:&quot;Account&quot;,&quot;question&quot;:&quot;Etap prac nad domem modu\\u0142owym na dzia\\u0142ce Inwestora&quot;,&quot;answer&quot;:&quot;Modu\\u0142y zbudowane na hali produkcyjnej dostarcza si\\u0119 na dzia\\u0142k\\u0119 inwestora i tam \\u0142\\u0105czy ze sob\\u0105, usadawiaj\\u0105c na przygotowanych wcze\\u015bniej fundamentach. Zostaj\\u0105 te\\u017c pod\\u0142\\u0105czone instalacje elektryczne, wodne czy kanalizacyjne. Najcz\\u0119\\u015bciej zajmuje to jeden dzie\\u0144. W zale\\u017cno\\u015bci od tego, jaki model domu wybrali\\u015bmy \\u2013 dom modu\\u0142owy o powierzchni 50 m2 czy te\\u017c 100 m2 \\u2013 zakres prac na placu budowy b\\u0119dzie nieco inny. Je\\u017celi wybrany model domu sk\\u0142ada si\\u0119 z wi\\u0119kszej ilo\\u015bci modu\\u0142\\u00f3w, monta\\u017c zamiast jednego dnia, mo\\u017ce potrwa\\u0107 2-3 dni.&quot;,&quot;image&quot;:&quot;https:\\\/\\\/images.unsplash.com\\\/photo-1507525428034-b723cf961d3e&quot;},{&quot;categories&quot;:&quot;Billing&quot;,&quot;question&quot;:&quot;Ile kosztuje wybudowanie domu modu\\u0142owego? Cena za dom modu\\u0142owy w 2026&quot;,&quot;answer&quot;:&quot;Uzale\\u017cnione to jest od kilku czynnik\\u00f3w, mi\\u0119dzy innymi wielko\\u015bci wybranego przez Pa\\u0144stwa domu modu\\u0142owego, kszta\\u0142tu oraz zastosowanych materia\\u0142\\u00f3w. Z dok\\u0142adnymi cenami poszczeg\\u00f3lnych modeli mo\\u017cna zapozna\\u0107 si\\u0119 w naszym katalogu.&quot;,&quot;image&quot;:&quot;https:\\\/\\\/images.unsplash.com\\\/photo-1506744038136-46273834b3fb&quot;},{&quot;categories&quot;:&quot;Billing&quot;,&quot;question&quot;:&quot;Czego nie uwzgl\\u0119dnia cena budowy domu modu\\u0142owego?&quot;,&quot;answer&quot;:&quot;Nale\\u017cy pami\\u0119ta\\u0107, \\u017ce do ceny domku modu\\u0142owego trzeba doliczy\\u0107 koszt fundament\\u00f3w, transportu i wynajem specjalistycznego sprz\\u0119tu (np. d\\u017awigu o du\\u017cej no\\u015bno\\u015bci). Do tego dochodzi oczywi\\u015bcie cena za projekt architektoniczno-budowlany domu modu\\u0142owego \\u2013 do kupienia w biurze projektowym lub u samego producenta \\u2013 oraz koszt umeblowania domu.&quot;,&quot;image&quot;:&quot;https:\\\/\\\/images.unsplash.com\\\/photo-1507525428034-b723cf961d3e&quot;},{&quot;categories&quot;:&quot;Technical&quot;,&quot;question&quot;:&quot;Czy na dom modu\\u0142owy potrzebne jest zezwolenie&quot;,&quot;answer&quot;:&quot;W polskim prawie zezwolenie (pozwolenie na budow\\u0119) nie jest wymagane, je\\u015bli dom ma powierzchni\\u0119 zabudowy do 70 m\\u00b2, jest budynkiem parterowym i stawiasz go na w\\u0142asne potrzeby mieszkaniowe lub rekreacyjne. Wymaga to jedynie zg\\u0142oszenia.&quot;,&quot;image&quot;:&quot;https:\\\/\\\/images.unsplash.com\\\/photo-1506744038136-46273834b3fb&quot;}],&quot;faqTitle&quot;:&quot;Najcz\\u0119stsze pytania o ca\\u0142oroczne domy modu\\u0142owe pod klucz&quot;,&quot;faqId&quot;:99,&quot;alignment&quot;:&quot;center&quot;,&quot;align&quot;:&quot;wide&quot;,&quot;enableFaqSchema&quot;:true,&quot;maxFaqItems&quot;:4,&quot;theme&quot;:&quot;default&quot;,&quot;faqOptions&quot;:{&quot;displayHeader&quot;:true,&quot;displayContent&quot;:true,&quot;displaySearchBar&quot;:true,&quot;displayCategory&quot;:true,&quot;displayHeadingTitle&quot;:true,&quot;displayHeadingDescription&quot;:true,&quot;displayFaqTitle&quot;:true},&quot;faqHeader&quot;:{&quot;title&quot;:&quot;Frequently Asked Questions&quot;,&quot;subTitle&quot;:&quot;Find answers to common questions about our products and services&quot;},&quot;faqIcon&quot;:{&quot;open&quot;:&quot;&lt;svg stroke=&#039;currentColor&#039; fill=&#039;currentColor&#039; strokeWidth={0} viewBox=&#039;0 0 512 512&#039; height=&#039;1em&#039; width=&#039;1em&#039;&gt;&lt;path d=&#039;M368.5 240h-225c-8.8 0-16 7.2-16 16 0 4.4 1.8 8.4 4.7 11.3 2.9 2.9 6.9 4.7 11.3 4.7h225c8.8 0 16-7.2 16-16s-7.2-16-16-16z&#039; \\\/&gt;&lt;\\\/svg&gt;&quot;,&quot;close&quot;:&quot;&lt;svg stroke=&#039;currentColor&#039; fill=&#039;currentColor&#039; strokeWidth={0} viewBox=&#039;0 0 512 512&#039; height=&#039;1em&#039; width=&#039;1em&#039; &gt;&lt;path d=&#039;M368.5 240H272v-96.5c0-8.8-7.2-16-16-16s-16 7.2-16 16V240h-96.5c-8.8 0-16 7.2-16 16 0 4.4 1.8 8.4 4.7 11.3 2.9 2.9 6.9 4.7 11.3 4.7H240v96.5c0 4.4 1.8 8.4 4.7 11.3 2.9 2.9 6.9 4.7 11.3 4.7 8.8 0 16-7.2 16-16V272h96.5c8.8 0 16-7.2 16-16s-7.2-16-16-16z&#039; \\\/&gt;&lt;\\\/svg&gt;&quot;},&quot;Styles&quot;:{&quot;container&quot;:{&quot;background&quot;:{&quot;color&quot;:&quot;#fff&quot;},&quot;padding&quot;:{&quot;desktop&quot;:{&quot;top&quot;:&quot;10px&quot;,&quot;left&quot;:&quot;10px&quot;,&quot;bottom&quot;:&quot;10px&quot;,&quot;right&quot;:&quot;10px&quot;},&quot;tablet&quot;:{&quot;top&quot;:&quot;8px&quot;,&quot;left&quot;:&quot;8px&quot;,&quot;bottom&quot;:&quot;8px&quot;,&quot;right&quot;:&quot;8px&quot;},&quot;mobile&quot;:{&quot;top&quot;:&quot;8px&quot;,&quot;left&quot;:&quot;8px&quot;,&quot;bottom&quot;:&quot;8px&quot;,&quot;right&quot;:&quot;8px&quot;}},&quot;border&quot;:{&quot;width&quot;:&quot;2px&quot;,&quot;style&quot;:&quot;solid&quot;,&quot;color&quot;:&quot;black&quot;,&quot;side&quot;:&quot;all&quot;,&quot;radius&quot;:&quot;5px&quot;}},&quot;heading&quot;:{&quot;bg&quot;:{&quot;color&quot;:&quot;linear-gradient(135deg, #4a90e2, #2c5282)&quot;},&quot;title&quot;:{&quot;typo&quot;:{&quot;fontWeight&quot;:600,&quot;fontSize&quot;:{&quot;desktop&quot;:24,&quot;tablet&quot;:16,&quot;mobile&quot;:12},&quot;lineHeight&quot;:1.5,&quot;fontFamily&quot;:&quot;Montserrat, sans-serif&quot;},&quot;textAlign&quot;:&quot;center&quot;,&quot;colors&quot;:{&quot;color&quot;:&quot;#1a202c&quot;}},&quot;subTitle&quot;:{&quot;typo&quot;:{&quot;fontWeight&quot;:600,&quot;fontSize&quot;:{&quot;desktop&quot;:14,&quot;tablet&quot;:12,&quot;mobile&quot;:9},&quot;lineHeight&quot;:1.5,&quot;fontFamily&quot;:&quot;Montserrat, sans-serif&quot;},&quot;textAlign&quot;:&quot;center&quot;,&quot;colors&quot;:{&quot;color&quot;:&quot;#1a202c&quot;}},&quot;button&quot;:{&quot;typo&quot;:{&quot;fontWeight&quot;:600,&quot;fontSize&quot;:{&quot;desktop&quot;:14,&quot;tablet&quot;:12,&quot;mobile&quot;:9},&quot;lineHeight&quot;:1.5,&quot;fontFamily&quot;:&quot;Montserrat, sans-serif&quot;},&quot;colors&quot;:{&quot;color&quot;:&quot;#ffff&quot;},&quot;background&quot;:{&quot;color&quot;:&quot;transparent&quot;},&quot;padding&quot;:{&quot;desktop&quot;:{&quot;top&quot;:&quot;8px&quot;,&quot;left&quot;:&quot;20px&quot;,&quot;bottom&quot;:&quot;8px&quot;,&quot;right&quot;:&quot;20px&quot;},&quot;tablet&quot;:{&quot;top&quot;:&quot;8px&quot;,&quot;left&quot;:&quot;18px&quot;,&quot;bottom&quot;:&quot;8px&quot;,&quot;right&quot;:&quot;18px&quot;},&quot;mobile&quot;:{&quot;top&quot;:&quot;8px&quot;,&quot;left&quot;:&quot;18px&quot;,&quot;bottom&quot;:&quot;8px&quot;,&quot;right&quot;:&quot;18px&quot;}},&quot;border&quot;:{&quot;width&quot;:&quot;2px&quot;,&quot;style&quot;:&quot;solid&quot;,&quot;color&quot;:&quot;#fff&quot;,&quot;side&quot;:&quot;all&quot;,&quot;radius&quot;:&quot;25px&quot;}}},&quot;content&quot;:{&quot;question&quot;:{&quot;typo&quot;:{&quot;fontWeight&quot;:400,&quot;fontSize&quot;:{&quot;desktop&quot;:20,&quot;tablet&quot;:16,&quot;mobile&quot;:12},&quot;lineHeight&quot;:1.5,&quot;fontFamily&quot;:&quot;Aleo&quot;},&quot;colors&quot;:{&quot;color&quot;:&quot;#2d3e50&quot;},&quot;background&quot;:{&quot;color&quot;:&quot;#e9e9e9&quot;},&quot;padding&quot;:{&quot;desktop&quot;:{&quot;top&quot;:&quot;15px&quot;,&quot;left&quot;:&quot;20px&quot;,&quot;bottom&quot;:&quot;15px&quot;,&quot;right&quot;:&quot;20px&quot;},&quot;tablet&quot;:{&quot;top&quot;:&quot;12px&quot;,&quot;left&quot;:&quot;18px&quot;,&quot;bottom&quot;:&quot;12px&quot;,&quot;right&quot;:&quot;18px&quot;},&quot;mobile&quot;:{&quot;top&quot;:&quot;10px&quot;,&quot;left&quot;:&quot;14px&quot;,&quot;bottom&quot;:&quot;10px&quot;,&quot;right&quot;:&quot;14px&quot;}},&quot;border&quot;:{&quot;width&quot;:&quot;0px&quot;,&quot;style&quot;:&quot;solid&quot;,&quot;color&quot;:&quot;&quot;,&quot;side&quot;:&quot;all&quot;,&quot;radius&quot;:&quot;2px&quot;}},&quot;answer&quot;:{&quot;typo&quot;:{&quot;fontWeight&quot;:400,&quot;fontSize&quot;:{&quot;desktop&quot;:17,&quot;tablet&quot;:13,&quot;mobile&quot;:11},&quot;lineHeight&quot;:1.5,&quot;fontFamily&quot;:&quot;Aleo&quot;},&quot;colors&quot;:{&quot;color&quot;:&quot;#444&quot;},&quot;background&quot;:{&quot;color&quot;:&quot;#f9f9f9&quot;},&quot;padding&quot;:{&quot;desktop&quot;:{&quot;top&quot;:&quot;25px&quot;,&quot;left&quot;:&quot;35px&quot;,&quot;bottom&quot;:&quot;25px&quot;,&quot;right&quot;:&quot;10px&quot;},&quot;tablet&quot;:{&quot;top&quot;:&quot;10px&quot;,&quot;left&quot;:&quot;26px&quot;,&quot;bottom&quot;:&quot;10px&quot;,&quot;right&quot;:&quot;26px&quot;},&quot;mobile&quot;:{&quot;top&quot;:&quot;10px&quot;,&quot;left&quot;:&quot;18px&quot;,&quot;bottom&quot;:&quot;10px&quot;,&quot;right&quot;:&quot;18px&quot;}}},&quot;icon&quot;:{&quot;background&quot;:{&quot;color&quot;:&quot;#5a7184&quot;},&quot;size&quot;:{&quot;desktop&quot;:&quot;40px&quot;,&quot;tablet&quot;:null,&quot;mobile&quot;:null},&quot;colors&quot;:{&quot;color&quot;:&quot;#fff&quot;},&quot;padding&quot;:{&quot;desktop&quot;:{&quot;top&quot;:&quot;5px&quot;,&quot;left&quot;:&quot;5px&quot;,&quot;bottom&quot;:&quot;5px&quot;,&quot;right&quot;:&quot;5px&quot;},&quot;tablet&quot;:{&quot;top&quot;:&quot;3px&quot;,&quot;left&quot;:&quot;3px&quot;,&quot;bottom&quot;:&quot;3px&quot;,&quot;right&quot;:&quot;3px&quot;},&quot;mobile&quot;:{&quot;top&quot;:&quot;2px&quot;,&quot;left&quot;:&quot;2px&quot;,&quot;bottom&quot;:&quot;2px&quot;,&quot;right&quot;:&quot;2px&quot;}},&quot;border&quot;:{&quot;width&quot;:&quot;0px&quot;,&quot;style&quot;:&quot;solid&quot;,&quot;color&quot;:&quot;&quot;,&quot;side&quot;:&quot;all&quot;,&quot;radius&quot;:&quot;2px&quot;}},&quot;categoryTitle&quot;:{&quot;typo&quot;:{&quot;fontWeight&quot;:600,&quot;fontSize&quot;:{&quot;desktop&quot;:18,&quot;tablet&quot;:16,&quot;mobile&quot;:12},&quot;lineHeight&quot;:1.5,&quot;fontFamily&quot;:&quot;Montserrat, sans-serif&quot;},&quot;colors&quot;:{&quot;color&quot;:&quot;#2d3e50&quot;}},&quot;sectionTitle&quot;:{&quot;typo&quot;:{&quot;fontWeight&quot;:700,&quot;fontSize&quot;:{&quot;desktop&quot;:12,&quot;tablet&quot;:12,&quot;mobile&quot;:12},&quot;lineHeight&quot;:1.5,&quot;fontFamily&quot;:&quot;sans-serif&quot;},&quot;colors&quot;:{&quot;color&quot;:&quot;#47b4eb&quot;}},&quot;progress&quot;:{&quot;background&quot;:{&quot;color&quot;:&quot;#30abe8&quot;}},&quot;faqQuestionsContainer&quot;:{&quot;background&quot;:{&quot;color&quot;:&quot;#191d34&quot;},&quot;padding&quot;:{&quot;desktop&quot;:{&quot;top&quot;:&quot;30px&quot;,&quot;left&quot;:&quot;30px&quot;,&quot;bottom&quot;:&quot;30px&quot;,&quot;right&quot;:&quot;30px&quot;},&quot;tablet&quot;:{&quot;top&quot;:&quot;20px&quot;,&quot;left&quot;:&quot;20px&quot;,&quot;bottom&quot;:&quot;20px&quot;,&quot;right&quot;:&quot;20px&quot;},&quot;mobile&quot;:{&quot;top&quot;:&quot;20px&quot;,&quot;left&quot;:&quot;20px&quot;,&quot;bottom&quot;:&quot;20px&quot;,&quot;right&quot;:&quot;20px&quot;}}}}},&quot;column&quot;:{&quot;desktop&quot;:1,&quot;tablet&quot;:1,&quot;mobile&quot;:1,&quot;gapX&quot;:&quot;5px&quot;,&quot;gapY&quot;:&quot;14px&quot;}}'\r\n\tdata-faq-title='Najcz\u0119stsze pytania o ca\u0142oroczne domy modu\u0142owe pod klucz'\r\n\tdata-faq-id='99'>\r\n<\/div>\n<\/div><\/div><\/div><\/div><\/div><div id=\"pg-9-16\"  class=\"panel-grid panel-no-style\" ><div id=\"pgc-9-16-0\"  class=\"panel-grid-cell\" ><div id=\"panel-9-16-0-0\" class=\"widget_text so-panel widget widget_custom_html panel-first-child panel-last-child\" data-index=\"31\" ><div class=\"textwidget custom-html-widget\"><div style=\"display: none;\">\n\n\n\nNowoczesne domy modu\u0142owe \u2013 parterowe, pi\u0119trowe i z antresol\u0105. Zamieszkaj na swoich zasadach!\n<br><br>\nMarzysz o w\u0142asnym, komfortowym miejscu na ziemi, ale przera\u017ca Ci\u0119 wizja wieloletniej i skomplikowanej budowy? Nowoczesne domy modu\u0142owe to rewolucja na rynku nieruchomo\u015bci, \u0142\u0105cz\u0105ca b\u0142yskawiczny czas realizacji z najwy\u017cszym standardem wykonania. Jako do\u015bwiadczony producent oferujemy innowacyjne budynki, kt\u00f3re dopasowuj\u0105 si\u0119 do Twojego stylu \u017cycia.\n<br><br>\nSprawd\u017a nasz\u0105 ofert\u0119 i odkryj domy gotowe do zamieszkania od zaraz!\n<br><br>\nW naszym asortymencie znajdziesz szerok\u0105 gam\u0119 obiekt\u00f3w zaprojektowanych z my\u015bl\u0105 o maksymalnej funkcjonalno\u015bci i estetyce. Oferujemy domy z gotowymi uk\u0142adami, jednak jeste\u015bmy elastyczni \u2013 istnieje mo\u017cliwo\u015b\u0107 modyfikacji projekt\u00f3w oraz budowy obiekt\u00f3w o wi\u0119kszych metra\u017cach. W zale\u017cno\u015bci od konfiguracji, dopasowujemy optymaln\u0105 ilo\u015b\u0107 sypialni oraz \u0142azienek.\n\n<br><br>\n<h2>domy modu\u0142owe<\/h2>\n<h2>dom modu\u0142owy ca\u0142oroczny<\/h2>\n<h2>domy modu\u0142owe pod klucz<\/h2>\n<h2>gotowe domy modu\u0142owe<\/h2>\n<h2>dom modu\u0142owy parterowy<\/h2>\n<h2>projekty dom\u00f3w modu\u0142owych<\/h2>\n<h2>projekt domu modu\u0142owego<\/h2>\n<h2>domy modu\u0142owe cena<\/h2>\n<h2>ile kosztuje dom modu\u0142owy<\/h2>\n<h2>gara\u017ce modu\u0142owe<\/h2>\n<br><br>\n\n\nW naszej ofercie dost\u0119pne s\u0105:\n<br><br>\nDomy modu\u0142owe parterowe \u2013 idealne dla os\u00f3b ceni\u0105cych przestrze\u0144 bez barier i schod\u00f3w.\n<br><br>\nDomy modu\u0142owe pi\u0119trowe (z pe\u0142nym pi\u0119trem) \u2013 doskona\u0142y wyb\u00f3r dla rodzin, gwarantuj\u0105cy wyra\u017any podzia\u0142 na stref\u0119 dzienn\u0105 i nocn\u0105.\n<br><br>\nDomy z antresol\u0105 \u2013 zachwycaj\u0105ce przestronno\u015bci\u0105 i nowoczesnym designem.\n<br><br>\nDomy z balkonem i tarasem \u2013 p\u0142ynnie \u0142\u0105cz\u0105ce wn\u0119trze budynku z otaczaj\u0105cym ogrodem.\n<br><br>\nOpr\u00f3cz budownictwa mieszkalnego, realizujemy r\u00f3wnie\u017c projekty o przeznaczeniu komercyjnym oraz nowoczesne obiekty przydomowe, takie jak sauny i gara\u017ce.\n<br><br>\n\n\n<h3>nowoczesny dom modu\u0142owy<\/h3>\n<h3>producent dom\u00f3w modu\u0142owych<\/h3>\n<h3>produkcja dom\u00f3w modu\u0142owych<\/h3>\n<h3>domy modu\u0142owe parterowe<\/h3>\n<h3>domy modu\u0142owe pi\u0119trowe<\/h3>\n<h3>dom modu\u0142owy stodo\u0142a<\/h3>\n<h3>dom modu\u0142owy z antresol\u0105<\/h3>\n<h3>pawilony modu\u0142owe<\/h3>\n<h3>sauna modu\u0142owa<\/h3>\n<br><br>\nJako\u015b\u0107 to nasz priorytet. Nasze realizacje opieraj\u0105 si\u0119 na zaawansowanych rozwi\u0105zaniach technologicznych, kt\u00f3re gwarantuj\u0105 bezproblemowe u\u017cytkowanie przez lata.\n<br><br>\nStalowa konstrukcja samono\u015bna: Fundamentem naszej technologii jest wytrzyma\u0142a stal. Zapewnia ona niesamowit\u0105 trwa\u0142o\u015b\u0107, solidno\u015b\u0107 i stabilno\u015b\u0107 domku modu\u0142owego. To nowoczesne rozwi\u0105zanie pozwala na szybki monta\u017c i gwarantuje d\u0142ugowieczno\u015b\u0107 budynku, niezale\u017cnie od warunk\u00f3w.\n<br><br>\nAluminiowa stolarka okienna (ciep\u0142y monta\u017c): Stosujemy wy\u0142\u0105cznie trzyszybow\u0105 stolark\u0119 aluminiow\u0105 montowan\u0105 metod\u0105 ciep\u0142ego monta\u017cu. Okna te s\u0105 w pe\u0142ni odporne na warunki atmosferyczne, nie wymagaj\u0105 konserwacji i gwarantuj\u0105 doskona\u0142\u0105 izolacj\u0119 termiczn\u0105, co przek\u0142ada si\u0119 na ni\u017csze rachunki za ogrzewanie.\n<br><br>\nDesignerskie stalowe schody: W projektach pi\u0119trowych oraz tych z antresol\u0105 wykorzystujemy stalowe schody w wybranym przez Klienta kolorze. Gwarantuj\u0105 one bezpiecze\u0144stwo, a ich industrialny, nowoczesny design idealnie dope\u0142nia estetyk\u0119 wn\u0119trza.\n\n<br><br>\n\n<h4>domy modu\u0142owe z antresol\u0105<\/h4>\n<h4>domy modu\u0142owe z tarasem<\/h4>\n<h4>stodo\u0142a z tarasem<\/h4>\n<h4>czy na dom modu\u0142owy potrzebne jest zezwolenie<\/h4>\n<h4>monta\u017c dom\u00f3w modu\u0142owych<\/h4>\n<h4>dom modu\u0142owy z balkonem<\/h4>\n<h4>czy na dom modu\u0142owy trzeba mie\u0107 pozwolenie<\/h4>\n<h4>pozwolenie na dom modu\u0142owy<\/h4>\n<br><br>\n\nSzanujemy czas naszych Klient\u00f3w, dlatego wszystkie nasze domy modu\u0142owe wykonujemy w standardzie pod klucz. Oznacza to, \u017ce budynek jest gotowy do zamieszkania bezpo\u015brednio po zako\u0144czeniu monta\u017cu.\n<br><br>\nStandard wyko\u0144czenia obejmuje:\n<br><br>\nRozprowadzon\u0105 instalacj\u0119 sanitarn\u0105 i elektryczn\u0105.\n<br><br>\nPod\u0142ogi estetycznie wy\u0142o\u017cone wysokiej jako\u015bci panelami.\n<br><br>\nW pe\u0142ni umeblowan\u0105 i wyko\u0144czon\u0105 p\u0142ytkami \u0142azienk\u0119 wraz z toalet\u0105.\n<br><br>\nW zale\u017cno\u015bci od Twoich potrzeb, dom mo\u017ce zosta\u0107 oddany z dodatkowym wyposa\u017ceniem meblowym lub bez. Zabudowa kuchenna oraz pozosta\u0142e meble na wymiar podlegaj\u0105 wycenie indywidualnej, co pozwala na pe\u0142n\u0105 kontrol\u0119 nad bud\u017cetem.\n\n<\/div><\/div><\/div><\/div><\/div><\/div>","protected":false},"excerpt":{"rendered":"<p>Domy modu\u0142owe ca\u0142oroczne gotowe pod klucz Pawilony, sauny i gara\u017ce +48 783 080 808&nbsp;&nbsp;&nbsp;&nbsp;&nbsp;&nbsp;+48 782 722 435 &nbsp; Aluminiowa stolarka okienna &nbsp; Trzyszybowa stolarka okienna montowana metod\u0105 ciep\u0142ego monta\u017cu jest &#8230;<\/p>\n","protected":false},"author":1,"featured_media":0,"parent":0,"menu_order":0,"comment_status":"closed","ping_status":"closed","template":"template-fullwidth.php","meta":{"footnotes":""},"class_list":["post-9","page","type-page","status-publish","hentry"],"yoast_head":"<!-- This site is optimized with the Yoast SEO plugin v28.0 - https:\/\/yoast.com\/product\/yoast-seo-wordpress\/ -->\n<title>Dom modu\u0142owy ca\u0142oroczny pod klucz | Sauny, gara\u017ce, pawilony modu\u0142owe<\/title>\n<meta name=\"robots\" content=\"index, follow, max-snippet:-1, max-image-preview:large, max-video-preview:-1\" \/>\n<link rel=\"canonical\" href=\"https:\/\/domy-modulowe-caloroczne.pl\/\" \/>\n<script type=\"application\/ld+json\" class=\"yoast-schema-graph\">{\"@context\":\"https:\\\/\\\/schema.org\",\"@graph\":[{\"@type\":\"WebPage\",\"@id\":\"https:\\\/\\\/domy-modulowe-caloroczne.pl\\\/\",\"url\":\"https:\\\/\\\/domy-modulowe-caloroczne.pl\\\/\",\"name\":\"Dom modu\u0142owy ca\u0142oroczny pod klucz | Sauny, gara\u017ce, pawilony modu\u0142owe\",\"isPartOf\":{\"@id\":\"https:\\\/\\\/domy-modulowe-caloroczne.pl\\\/#website\"},\"datePublished\":\"2026-07-10T21:26:23+00:00\",\"dateModified\":\"2026-07-11T10:09:45+00:00\",\"breadcrumb\":{\"@id\":\"https:\\\/\\\/domy-modulowe-caloroczne.pl\\\/#breadcrumb\"},\"inLanguage\":\"pl-PL\",\"potentialAction\":[{\"@type\":\"ReadAction\",\"target\":[\"https:\\\/\\\/domy-modulowe-caloroczne.pl\\\/\"]}]},{\"@type\":\"BreadcrumbList\",\"@id\":\"https:\\\/\\\/domy-modulowe-caloroczne.pl\\\/#breadcrumb\",\"itemListElement\":[{\"@type\":\"ListItem\",\"position\":1,\"name\":\"Strona g\u0142\u00f3wna\",\"item\":\"https:\\\/\\\/domy-modulowe-caloroczne.pl\\\/\"},{\"@type\":\"ListItem\",\"position\":2,\"name\":\"G\u0142\u00f3wna\"}]},{\"@type\":\"WebSite\",\"@id\":\"https:\\\/\\\/domy-modulowe-caloroczne.pl\\\/#website\",\"url\":\"https:\\\/\\\/domy-modulowe-caloroczne.pl\\\/\",\"name\":\"Domy modu\u0142owe ca\u0142oroczne pod klucz\",\"description\":\"\",\"publisher\":{\"@id\":\"https:\\\/\\\/domy-modulowe-caloroczne.pl\\\/#organization\"},\"potentialAction\":[{\"@type\":\"SearchAction\",\"target\":{\"@type\":\"EntryPoint\",\"urlTemplate\":\"https:\\\/\\\/domy-modulowe-caloroczne.pl\\\/?s={search_term_string}\"},\"query-input\":{\"@type\":\"PropertyValueSpecification\",\"valueRequired\":true,\"valueName\":\"search_term_string\"}}],\"inLanguage\":\"pl-PL\"},{\"@type\":\"Organization\",\"@id\":\"https:\\\/\\\/domy-modulowe-caloroczne.pl\\\/#organization\",\"name\":\"Domy modu\u0142owe ca\u0142oroczne pod klucz\",\"url\":\"https:\\\/\\\/domy-modulowe-caloroczne.pl\\\/\",\"logo\":{\"@type\":\"ImageObject\",\"inLanguage\":\"pl-PL\",\"@id\":\"https:\\\/\\\/domy-modulowe-caloroczne.pl\\\/#\\\/schema\\\/logo\\\/image\\\/\",\"url\":\"https:\\\/\\\/domy-modulowe-caloroczne.pl\\\/wp-content\\\/uploads\\\/2026\\\/07\\\/fasthome-domy-modulowe-caloroczne.png\",\"contentUrl\":\"https:\\\/\\\/domy-modulowe-caloroczne.pl\\\/wp-content\\\/uploads\\\/2026\\\/07\\\/fasthome-domy-modulowe-caloroczne.png\",\"width\":124,\"height\":119,\"caption\":\"Domy modu\u0142owe ca\u0142oroczne pod klucz\"},\"image\":{\"@id\":\"https:\\\/\\\/domy-modulowe-caloroczne.pl\\\/#\\\/schema\\\/logo\\\/image\\\/\"}}]}<\/script>\n<!-- \/ Yoast SEO plugin. -->","yoast_head_json":{"title":"Dom modu\u0142owy ca\u0142oroczny pod klucz | Sauny, gara\u017ce, pawilony modu\u0142owe","robots":{"index":"index","follow":"follow","max-snippet":"max-snippet:-1","max-image-preview":"max-image-preview:large","max-video-preview":"max-video-preview:-1"},"canonical":"https:\/\/domy-modulowe-caloroczne.pl\/","schema":{"@context":"https:\/\/schema.org","@graph":[{"@type":"WebPage","@id":"https:\/\/domy-modulowe-caloroczne.pl\/","url":"https:\/\/domy-modulowe-caloroczne.pl\/","name":"Dom modu\u0142owy ca\u0142oroczny pod klucz | Sauny, gara\u017ce, pawilony modu\u0142owe","isPartOf":{"@id":"https:\/\/domy-modulowe-caloroczne.pl\/#website"},"datePublished":"2026-07-10T21:26:23+00:00","dateModified":"2026-07-11T10:09:45+00:00","breadcrumb":{"@id":"https:\/\/domy-modulowe-caloroczne.pl\/#breadcrumb"},"inLanguage":"pl-PL","potentialAction":[{"@type":"ReadAction","target":["https:\/\/domy-modulowe-caloroczne.pl\/"]}]},{"@type":"BreadcrumbList","@id":"https:\/\/domy-modulowe-caloroczne.pl\/#breadcrumb","itemListElement":[{"@type":"ListItem","position":1,"name":"Strona g\u0142\u00f3wna","item":"https:\/\/domy-modulowe-caloroczne.pl\/"},{"@type":"ListItem","position":2,"name":"G\u0142\u00f3wna"}]},{"@type":"WebSite","@id":"https:\/\/domy-modulowe-caloroczne.pl\/#website","url":"https:\/\/domy-modulowe-caloroczne.pl\/","name":"Domy modu\u0142owe ca\u0142oroczne pod klucz","description":"","publisher":{"@id":"https:\/\/domy-modulowe-caloroczne.pl\/#organization"},"potentialAction":[{"@type":"SearchAction","target":{"@type":"EntryPoint","urlTemplate":"https:\/\/domy-modulowe-caloroczne.pl\/?s={search_term_string}"},"query-input":{"@type":"PropertyValueSpecification","valueRequired":true,"valueName":"search_term_string"}}],"inLanguage":"pl-PL"},{"@type":"Organization","@id":"https:\/\/domy-modulowe-caloroczne.pl\/#organization","name":"Domy modu\u0142owe ca\u0142oroczne pod klucz","url":"https:\/\/domy-modulowe-caloroczne.pl\/","logo":{"@type":"ImageObject","inLanguage":"pl-PL","@id":"https:\/\/domy-modulowe-caloroczne.pl\/#\/schema\/logo\/image\/","url":"https:\/\/domy-modulowe-caloroczne.pl\/wp-content\/uploads\/2026\/07\/fasthome-domy-modulowe-caloroczne.png","contentUrl":"https:\/\/domy-modulowe-caloroczne.pl\/wp-content\/uploads\/2026\/07\/fasthome-domy-modulowe-caloroczne.png","width":124,"height":119,"caption":"Domy modu\u0142owe ca\u0142oroczne pod klucz"},"image":{"@id":"https:\/\/domy-modulowe-caloroczne.pl\/#\/schema\/logo\/image\/"}}]}},"_links":{"self":[{"href":"https:\/\/domy-modulowe-caloroczne.pl\/index.php\/wp-json\/wp\/v2\/pages\/9","targetHints":{"allow":["GET"]}}],"collection":[{"href":"https:\/\/domy-modulowe-caloroczne.pl\/index.php\/wp-json\/wp\/v2\/pages"}],"about":[{"href":"https:\/\/domy-modulowe-caloroczne.pl\/index.php\/wp-json\/wp\/v2\/types\/page"}],"author":[{"embeddable":true,"href":"https:\/\/domy-modulowe-caloroczne.pl\/index.php\/wp-json\/wp\/v2\/users\/1"}],"replies":[{"embeddable":true,"href":"https:\/\/domy-modulowe-caloroczne.pl\/index.php\/wp-json\/wp\/v2\/comments?post=9"}],"version-history":[{"count":40,"href":"https:\/\/domy-modulowe-caloroczne.pl\/index.php\/wp-json\/wp\/v2\/pages\/9\/revisions"}],"predecessor-version":[{"id":106,"href":"https:\/\/domy-modulowe-caloroczne.pl\/index.php\/wp-json\/wp\/v2\/pages\/9\/revisions\/106"}],"wp:attachment":[{"href":"https:\/\/domy-modulowe-caloroczne.pl\/index.php\/wp-json\/wp\/v2\/media?parent=9"}],"curies":[{"name":"wp","href":"https:\/\/api.w.org\/{rel}","templated":true}]}}